{"id":81,"date":"2016-05-12T14:14:05","date_gmt":"2016-05-12T12:14:05","guid":{"rendered":"http:\/\/www.heidrun-mandel.de\/WEBNEU\/?page_id=81"},"modified":"2024-04-22T18:57:48","modified_gmt":"2024-04-22T16:57:48","slug":"seminare-coaching","status":"publish","type":"page","link":"https:\/\/www.heidrun-meile.de\/index.php\/seminare-coaching\/","title":{"rendered":"Seminare &#038; Coaching"},"content":{"rendered":"<div class=\"wpb-content-wrapper\"><p>[vc_row full_width=&#8220;stretch_row_content_no_spaces&#8220;][vc_column][vc_single_image image=&#8220;218&#8243; img_size=&#8220;full&#8220; alignment=&#8220;center&#8220;][\/vc_column][\/vc_row][vc_row][vc_column][vc_custom_heading text=&#8220;Seminare &amp; Coaching&#8220; font_container=&#8220;tag:h1|font_size:32|text_align:center|color:%231d70b7&#8243; use_theme_fonts=&#8220;yes&#8220;][vc_separator css=&#8220;.vc_custom_1462896966650{padding-top: 25px !important;}&#8220;][\/vc_column][\/vc_row][vc_row][vc_column width=&#8220;1\/4&#8243;][vc_single_image image=&#8220;220&#8243; img_size=&#8220;full&#8220; alignment=&#8220;center&#8220; css=&#8220;.vc_custom_1466781511609{padding-bottom: -20px !important;}&#8220;][\/vc_column][vc_column width=&#8220;3\/4&#8243;][vc_custom_heading text=&#8220;Coaching&#8220; font_container=&#8220;tag:h1|font_size:32|text_align:left|color:%231d70b7&#8243; use_theme_fonts=&#8220;yes&#8220;][vc_column_text]Wir bieten Ihnen eine zeitlich befristete personenbezogene Unterst\u00fctzung in \u00dcbergangs- und Ver\u00e4nderungsphasen, sowie in Entscheidungssituationen im beruflichen und pers\u00f6nlichen Lebenslauf.[\/vc_column_text][\/vc_column][\/vc_row][vc_row][vc_column width=&#8220;1\/2&#8243;][vc_column_text css=&#8220;.vc_custom_1466781689755{margin-top: 0px !important;margin-right: 0px !important;margin-bottom: 0px !important;margin-left: 0px !important;border-top-width: 1px !important;border-right-width: 1px !important;border-bottom-width: 1px !important;border-left-width: 1px !important;padding-top: 15px !important;padding-right: 15px !important;padding-bottom: 25px !important;padding-left: 15px !important;background-color: #1d70b7 !important;border-left-style: solid !important;border-right-style: solid !important;border-top-style: solid !important;border-bottom-style: solid !important;border-radius: 10px !important;}&#8220;]<\/p>\n<h4><span style=\"color: #ffffff;\"><b>Entspannungscoaching<\/b><\/span><\/h4>\n<p><span style=\"color: #ffffff;\"><strong>M\u00f6chten Sie<\/strong> gerne entspannt, ruhig und gelassen den Herausforderungen des Alltags begegnen?<\/span><\/p>\n<p><span style=\"color: #ffffff;\"><strong>M\u00f6chten Sie<\/strong> unabh\u00e4ngig von Kurs- und Seminarzeiten wirksame Entspannungstechniken und einen anderen Umgang mit Stress erlernen?<\/span><\/p>\n<p><span style=\"color: #ffffff;\"><strong>Wollen Sie wissen,<\/strong> was Ihnen die Energie raubt und wo Ihre pers\u00f6nlichen Stressverst\u00e4rker lauern?<\/span><\/p>\n<p><span style=\"color: #ffffff;\"><strong>K\u00e4mpfen Sie mit \u00c4ngsten,<\/strong> innerer Unruhe, Panik und Schlafst\u00f6rungen?<\/span><\/p>\n<h5><span style=\"color: #ffffff;\">Dann lassen Sie uns gemeinsam einen Weg finden, der zu Ihnen und Ihrer momentanen Situation passt.<\/span><\/h5>\n<p>[\/vc_column_text][\/vc_column][vc_column width=&#8220;1\/2&#8243;][vc_column_text css=&#8220;.vc_custom_1463055040813{margin-top: 0px !important;margin-right: 0px !important;margin-bottom: 0px !important;margin-left: 0px !important;border-top-width: 1px !important;border-right-width: 1px !important;border-bottom-width: 1px !important;border-left-width: 1px !important;padding-top: 15px !important;padding-right: 15px !important;padding-bottom: 15px !important;padding-left: 15px !important;background-color: #1d70b7 !important;border-left-style: solid !important;border-right-style: solid !important;border-top-style: solid !important;border-bottom-style: solid !important;border-radius: 10px !important;}&#8220;]<\/p>\n<h4><span style=\"color: #ffffff;\"><b>Bewegungscoaching<\/b><\/span><\/h4>\n<p><span style=\"color: #ffffff;\"><strong>Sie m\u00f6chten<\/strong> sich mehr bewegen?<br \/>\n<strong>Gewichtsreduktion<\/strong> ist eines Ihrer Ziele?<br \/>\n<strong>Sie wissen nicht,<\/strong> welche Art von Bewegung zu Ihnen passt?<\/span><\/p>\n<p><span style=\"color: #ffffff;\">oder:<\/span><\/p>\n<p><span style=\"color: #ffffff;\"><strong>Sie wollen<\/strong> mit dem Laufen beginnen?<br \/>\n<strong>Sie wissen nicht,<\/strong> wie Sie es richtig angehen sollen und welche Belastung f\u00fcr Ihren momentanen Fitnesslevel die Richtige ist?<br \/>\n<strong>Ihnen fehlt<\/strong> die richtige Unterst\u00fctzung? Daf\u00fcr gibt es eine L\u00f6sung!<\/span><\/p>\n<h5><span style=\"color: #ffffff;\">Vereinbaren Sie noch heute einen Termin f\u00fcr Ihr individuelles Bewegungs- und Laufcoaching.<\/span><\/h5>\n<p>[\/vc_column_text][\/vc_column][\/vc_row][vc_row][vc_column css=&#8220;.vc_custom_1463055189223{margin-top: 35px !important;}&#8220;][vc_column_text]<strong>Beim Coaching handelt es sich um einen Prozess, der darauf abzielt:<\/strong><\/p>\n<ul>\n<li>ein bestehendes Problem zu l\u00f6sen oder zu lindern<\/li>\n<li>ein angestrebtes Ziel zu erreichen<\/li>\n<li>Potentiale und Ressourcen zu erkennen, zu aktivieren und zu st\u00e4rken.<\/li>\n<\/ul>\n<p>Hierbei ist der Coach Ihr Begleiter und Impulsgeber. Er kann Ihnen neue Perspektiven aufzeigen, die Sie schneller zur Realisierung Ihres Zieles f\u00fchren.<\/p>\n<p>Sie als Klient w\u00fcnschen sich Ver\u00e4nderung und tragen aktiv zu dieser bei. Sie selbst sind f\u00fcr den Entwicklungsprozess verantwortlich und entscheiden letztendlich auch, neue Wege zu gehen und L\u00f6sungen in die Tat umzusetzen.<\/p>\n<p>Wir bieten Ihnen eine Vielfalt an Know How, Methoden und Empfehlungen an. Sie entscheiden, was Sie f\u00fcr sich \u00fcbernehmen m\u00f6chten, was Sie beim Erreichen Ihres Zieles und Vorhabens unter Ber\u00fccksichtigung der aktuellen Situation, ein St\u00fcck weiter bringt.<\/p>\n<p><strong>Unsere Coaching-Schwerpunkte sind:<\/strong><\/p>\n<ul>\n<li><strong>Bewegung<\/strong><\/li>\n<li><strong>Stressbew\u00e4ltigung<\/strong><\/li>\n<li><strong>Entspannung<\/strong><\/li>\n<li><strong>Burnoutpr\u00e4vention<br \/>\n<\/strong><\/li>\n<li><strong>Probleml\u00f6sung<\/strong><\/li>\n<li><strong>Werte\/Ziele<\/strong><\/li>\n<\/ul>\n<p>[\/vc_column_text][\/vc_column][\/vc_row][vc_row][vc_column css=&#8220;.vc_custom_1463055189223{margin-top: 35px !important;}&#8220;][vc_separator][\/vc_column][\/vc_row][vc_row css=&#8220;.vc_custom_1463055065754{margin-top: 35px !important;}&#8220;][vc_column width=&#8220;1\/4&#8243;][vc_single_image image=&#8220;173&#8243; img_size=&#8220;full&#8220; alignment=&#8220;center&#8220; css=&#8220;.vc_custom_1465571755346{padding-bottom: -20px !important;}&#8220;][\/vc_column][vc_column width=&#8220;3\/4&#8243;][vc_custom_heading text=&#8220;Seminare und Seminarbegleitung&#8220; font_container=&#8220;tag:h1|font_size:32|text_align:left|color:%231d70b7&#8243; use_theme_fonts=&#8220;yes&#8220;][vc_column_text]<strong>Sie m\u00f6chten ein Seminar buchen?<\/strong><\/p>\n<p>Ihnen stehen zwei M\u00f6glichkeiten zur Auswahl. Buchen Sie das Seminar als Inhouse Seminar oder wie beschrieben in unseren R\u00e4umlichkeiten.<\/p>\n<p><strong>Sie planen ein eigenes Seminar, einen Workshop oder eine Mitarbeiterschulung?<\/strong><\/p>\n<p>Buchen Sie aus unserem Leistungsspektrum ein passendes Erg\u00e4nzungstool dazu und bereichern Sie so Ihre Veranstaltung mit unserem gesunden Rahmenprogramm. Das kann zum Beispiel eine Aktivierungs- oder Entspannungssequenz sein, welche Sie zur Auflockerung oder als Erg\u00e4nzung je nach Bedarf, zwischen einzelne Seminarbl\u00f6cke einbinden oder am Ende des Seminares zum Ausklang anbieten k\u00f6nnen. Ihre Veranstaltung bleibt so bestimmt lange in Erinnerung.<\/p>\n<p><strong>Gerne erstellen wir f\u00fcr Sie ein passendes Angebot.<\/strong>[\/vc_column_text][vc_column_text]<\/p>\n<h3>Seminare<\/h3>\n<p>[\/vc_column_text][vc_column_text css=&#8220;.vc_custom_1713805072376{margin-top: 0px !important;margin-right: 0px !important;margin-bottom: 0px !important;margin-left: 0px !important;border-top-width: 1px !important;border-right-width: 1px !important;border-bottom-width: 1px !important;border-left-width: 1px !important;padding-top: 15px !important;padding-right: 15px !important;padding-bottom: 15px !important;padding-left: 15px !important;background-color: #1d70b7 !important;border-left-style: solid !important;border-right-style: solid !important;border-top-style: solid !important;border-bottom-style: solid !important;border-radius: 10px !important;}&#8220;]<\/p>\n<h3><span style=\"color: #ffffff;\"><strong>In Balance bleiben trotz Stress<\/strong><\/span><\/h3>\n<p><span style=\"color: #ffffff;\">Lernen Sie in diesem 2-t\u00e4gigen Seminar, wie Sie sich trotz permanent hoher beruflicher und privater Anforderungen k\u00f6rperlich und psychisch wohlf\u00fchlen, gesund und leistungsf\u00e4hig bleiben.<\/span><\/p>\n<p><span style=\"color: #ffffff;\">Ziel\u00a0dieses Seminares ist nicht, Stress generell zu beseitigen, sondern das Erlernen eines gesunden Um<\/span><span style=\"color: #ffffff;\">gangs mit Stress sowie das Finden einer ausgewogenen Balance zwischen An- und Entspannung im (Berufs-) Alltag.<\/span><\/p>\n<p><span style=\"color: #ffffff;\">Diese Seminar setzt sich aus verschiedenen Theorie- und Praxisbl\u00f6cken zusammen und behandelt folgende Themen:<\/span><\/p>\n<ul>\n<li><span style=\"color: #ffffff;\">Was ist Stress, wie entsteht Stress, welche Auswirkungen hat Stress.<\/span><\/li>\n<li><span style=\"color: #ffffff;\">Welches sind meine Stressoren (Stressanalyse)<\/span><\/li>\n<li><span style=\"color: #ffffff;\">Wie gehe ich mit Stress um (Meine Ressourcen im Umgang mit Stress)<\/span><\/li>\n<li><span style=\"color: #ffffff;\">Strategien zur Stressbew\u00e4ltigung<\/span><\/li>\n<li><span style=\"color: #ffffff;\">Glaubenss\u00e4tze und ihre Auswirkungen<\/span><\/li>\n<li><span style=\"color: #ffffff;\">Palliatives und regeneratives Stressmanagement<\/span><\/li>\n<li><span style=\"color: #ffffff;\">Genuss- und Achtsamkeitstraining<\/span><\/li>\n<\/ul>\n<p><span style=\"color: #ffffff;\">Vortr\u00e4ge, Gruppenarbeit, Entspannungs\u00fcbungen<\/span><\/p>\n<p>&nbsp;<\/p>\n<p><span style=\"color: #ffffff;\">2 Tage<\/span><\/p>\n<p><span style=\"color: #ffffff;\">Kurszeiten: jeweils 9:00 &#8211; 17:00 Uhr<\/span><\/p>\n<p><span style=\"color: #ffffff;\">Seminarort: Stegbachhaus K\u00f6sching<\/span><\/p>\n<p><span style=\"color: #ffffff;\">Verpflegung: Kaffee, Getr\u00e4nke, Obst, Snacks, Mittagsmen\u00fc<\/span><\/p>\n<p><span style=\"color: #ffffff;\">Termin und Seminargeb\u00fchr: Auf Anfrage<\/span><\/p>\n<p>&nbsp;<\/p>\n<h3><span style=\"color: #ffffff;\">Stressbew\u00e4ltigung<strong> im Alltag<\/strong><\/span><\/h3>\n<p><span style=\"color: #ffffff;\">In diesem Seminar lernen Sie, wie Sie mit Stress besser umgehen und Ihr Leben dauerhaft stressfreier gestalten k\u00f6nnen. F\u00fcr einen langfristigen Erfolg ist es wichtig, das Erlernte\/die Inhalte des Seminares in Ihren Alltag zu integrieren. Hierf\u00fcr haben Sie zwischen den einzelnen Seminareinheiten Zeit. Ziel dieses Seminares ist es, l\u00e4ngerfristig zu einem entspannten und zufriedenen Lebensstil zu gelangen.<\/span><\/p>\n<p><span style=\"color: #ffffff;\">Das Seminar beinhaltet sowohl theoretische als auch praktische Sequenzen. Um den Erfolg des Seminares zu sichern sollten Sie sich als Teilnehmer\/Teilnehmerin aktiv mit einbringen.<\/span><\/p>\n<p><span style=\"color: #ffffff;\">6 x 75 Minuten<\/span><\/p>\n<p><span style=\"color: #ffffff;\">Termine: folgt<\/span><\/p>\n<p><span style=\"color: #ffffff;\">Uhrzeit: folgt<\/span><\/p>\n<p><span style=\"color: #ffffff;\">Seminarort: Ist abh\u00e4ngig von der Teilnehmerzahl<\/span><\/p>\n<p><span style=\"color: #ffffff;\">Seminargeb\u00fchr: 199,00\u20ac (inkl. Unterlagen)<\/span>[\/vc_column_text][vc_separator][vc_column_text css=&#8220;.vc_custom_1712065220249{margin-top: 0px !important;margin-right: 0px !important;margin-bottom: 0px !important;margin-left: 0px !important;border-top-width: 1px !important;border-right-width: 1px !important;border-bottom-width: 1px !important;border-left-width: 1px !important;padding-top: 15px !important;padding-right: 15px !important;padding-bottom: 15px !important;padding-left: 15px !important;background-color: #1d70b7 !important;border-left-style: solid !important;border-right-style: solid !important;border-top-style: solid !important;border-bottom-style: solid !important;border-radius: 10px !important;}&#8220;]<\/p>\n<h3><span style=\"color: #ffffff;\">Produkt-Tasting\/VITAL-Abend\u00a0<\/span><\/h3>\n<h5><span style=\"color: #ffffff;\">Termin:folgt, Uhrzeit: folgt<\/span><\/h5>\n<p><span style=\"color: #ffffff;\">Wenn auch Sie ges\u00fcnder und fitter Leben m\u00f6chten, mehr Energie und Wohlbefinden erlangen und etwas zu Ihrer Entgiftung und Verstoffwechselung beitragen m\u00f6chten, sich \u00fcber einen erholsameren Schlaf und eine gute Regeneration freuen w\u00fcrden, vielleicht mit einer Gewichtsreduktion lieb\u00e4ugeln, Ihr biologisches Alter reduzieren m\u00f6chten und gleichzeitig noch ihr Immunsystem st\u00e4rken m\u00f6chten, dann sind Sie beim Vital-Abend genau richtig und ganz herzlich eingeladen.<\/span><\/p>\n<p><span style=\"color: #ffffff;\">Wir, das FitLine-Team freuen uns auf Ihre\/Deine Teilnahme<\/span><\/p>\n<p>&nbsp;<\/p>\n<h3><span style=\"color: #ffffff;\"><strong>Sportler Online Meeting: \u00a0<\/strong><\/span><\/h3>\n<p><span style=\"color: #ffffff;\">\u00dcber 2000 Spitzensportler und zahlreiche Sportverb\u00e4nde vertrauen auf die Produkte von FitLine (z.Bsp. Deutscher Skiverband, Bund Deutscher Radfahrer e.V., Deutscher Nordic Walking Verband, SKI Austria, Deutscher Leichtathletik Verband etc.)<\/span><\/p>\n<p><span style=\"color: #ffffff;\">Was sch\u00e4tzen Top-Athleten und Sportverb\u00e4nde an diesen Produkten?<\/span><\/p>\n<p><span style=\"color: #ffffff;\">Hohe Produktsicherheit durch Pr\u00e4senz a.d. K\u00f6lner Liste (auf Dopingsubstanzen gepr\u00fcft), optimale Wirkung durch NTC, beste Vertr\u00e4glichkeit, guter Geschmack, umfassendes Portfolio, hohe Glaubw\u00fcrdigkeit durch die Referenzen anderer Top-Athleten<\/span><\/p>\n<p><span style=\"color: #ffffff;\">FitLine deckt mit ihrer Produktpalette die Bereiche optimierte\u00a0Ern\u00e4hrung im Sport, mehr\u00a0Fitness, h\u00f6here Leistung und bessere Regeneration ab.<\/span><\/p>\n<p><span style=\"color: #ffffff;\">In diesen Sportlermeetings werden die Produkte erkl\u00e4rt und es sind immer einige Athleten aus dem Spitzensport anwesend, die von ihren Erfahrungen und dem Einsatz der Produkte berichten.<\/span><\/p>\n<p><span style=\"color: #ffffff;\">\u00a0<\/span><\/p>\n<h3><span style=\"font-weight: normal; color: #ffffff;\">Termin: folgt<\/span><\/h3>\n<h3><span style=\"font-weight: normal; color: #ffffff;\">Uhrzeit: folgt<\/span><\/h3>\n<p><span style=\"color: #ffffff;\">Bei Interesse, bitte kurz per Mail oder besser per WhatsApp f\u00fcr den kostenlosen Zugangscode melden.<\/span><\/p>\n<p><span style=\"color: #ffffff;\">0172-4982098<\/span>[\/vc_column_text][\/vc_column][\/vc_row][vc_row full_width=&#8220;stretch_row&#8220; css=&#8220;.vc_custom_1463054841021{margin-top: 45px !important;padding-top: 45px !important;background-color: #1d70b7 !important;}&#8220;][vc_column][vc_cta h2=&#8220;&#8220; txt_align=&#8220;center&#8220; color=&#8220;orange&#8220; add_button=&#8220;bottom&#8220; btn_title=&#8220;Sie haben Interesse an einem Coaching oder den Seminarangeboten, dann nehmen Sie bitte Kontakt mit uns auf.&#8220; btn_color=&#8220;warning&#8220; btn_size=&#8220;lg&#8220; btn_align=&#8220;center&#8220; add_icon=&#8220;top&#8220; i_icon_fontawesome=&#8220;fa fa-arrow-circle-down&#8220; i_color=&#8220;orange&#8220; btn_button_block=&#8220;true&#8220; i_on_border=&#8220;true&#8220; btn_link=&#8220;url:mailto%3Aheidrun.meile%40t-online.de|title:Kontakt%20Heidrun%20Meile|target:%20_blank&#8220;]<\/p>\n<h1 class=\"vc_custom_heading\">Seminare &amp; Coaching<\/h1>\n<p><b>\u00a0<\/b>[\/vc_cta][\/vc_column][\/vc_row]<\/p>\n<\/div>","protected":false},"excerpt":{"rendered":"<p>[vc_row full_width=&#8220;stretch_row_content_no_spaces&#8220;][vc_column][vc_single_image image=&#8220;218&#8243; img_size=&#8220;full&#8220; alignment=&#8220;center&#8220;][\/vc_column][\/vc_row][vc_row][vc_column][vc_custom_heading text=&#8220;Seminare &amp; Coaching&#8220; font_container=&#8220;tag:h1|font_size:32|text_align:center|color:%231d70b7&#8243; use_theme_fonts=&#8220;yes&#8220;][vc_separator css=&#8220;.vc_custom_1462896966650{padding-top: 25px !important;}&#8220;][\/vc_column][\/vc_row][vc_row][vc_column width=&#8220;1\/4&#8243;][vc_single_image image=&#8220;220&#8243; img_size=&#8220;full&#8220; alignment=&#8220;center&#8220; css=&#8220;.vc_custom_1466781511609{padding-bottom: -20px !important;}&#8220;][\/vc_column][vc_column width=&#8220;3\/4&#8243;][vc_custom_heading text=&#8220;Coaching&#8220; font_container=&#8220;tag:h1|font_size:32|text_align:left|color:%231d70b7&#8243; use_theme_fonts=&#8220;yes&#8220;][vc_column_text]Wir bieten Ihnen eine zeitlich befristete personenbezogene Unterst\u00fctzung in \u00dcbergangs- und Ver\u00e4nderungsphasen, sowie in Entscheidungssituationen im beruflichen<\/p>\n","protected":false},"author":1,"featured_media":0,"parent":0,"menu_order":0,"comment_status":"closed","ping_status":"open","template":"","meta":{"footnotes":""},"class_list":["post-81","page","type-page","status-publish","hentry"],"_links":{"self":[{"href":"https:\/\/www.heidrun-meile.de\/index.php\/wp-json\/wp\/v2\/pages\/81","targetHints":{"allow":["GET"]}}],"collection":[{"href":"https:\/\/www.heidrun-meile.de\/index.php\/wp-json\/wp\/v2\/pages"}],"about":[{"href":"https:\/\/www.heidrun-meile.de\/index.php\/wp-json\/wp\/v2\/types\/page"}],"author":[{"embeddable":true,"href":"https:\/\/www.heidrun-meile.de\/index.php\/wp-json\/wp\/v2\/users\/1"}],"replies":[{"embeddable":true,"href":"https:\/\/www.heidrun-meile.de\/index.php\/wp-json\/wp\/v2\/comments?post=81"}],"version-history":[{"count":54,"href":"https:\/\/www.heidrun-meile.de\/index.php\/wp-json\/wp\/v2\/pages\/81\/revisions"}],"predecessor-version":[{"id":1257,"href":"https:\/\/www.heidrun-meile.de\/index.php\/wp-json\/wp\/v2\/pages\/81\/revisions\/1257"}],"wp:attachment":[{"href":"https:\/\/www.heidrun-meile.de\/index.php\/wp-json\/wp\/v2\/media?parent=81"}],"curies":[{"name":"wp","href":"https:\/\/api.w.org\/{rel}","templated":true}]}}